{"id":2569,"date":"2025-04-03T14:42:35","date_gmt":"2025-04-03T12:42:35","guid":{"rendered":"https:\/\/www.sodepac.com\/humidite-hivernage\/"},"modified":"2025-08-21T08:18:46","modified_gmt":"2025-08-21T06:18:46","slug":"hibernacion","status":"publish","type":"page","link":"https:\/\/www.sodepac.com\/es\/hibernacion\/","title":{"rendered":"Hibernaci\u00f3n"},"content":{"rendered":"<section class=\"l-section wpb_row us_custom_316842ed height_medium\"><div class=\"l-section-overlay\" style=\"background:rgba(2,3,23,0.71)\"><\/div><div class=\"l-section-h i-cf\"><div class=\"g-cols vc_row via_grid cols_1 laptops-cols_inherit tablets-cols_inherit mobiles-cols_1 valign_top type_default stacking_default\"><div class=\"wpb_column vc_column_container\"><div class=\"vc_column-inner\"><div class=\"w-separator size_large\"><\/div><div class=\"w-vwrapper align_none valign_top\"><div class=\"wpb_text_column us_custom_6df4bc3a has_text_color\"><div class=\"wpb_wrapper\"><h1><b>Tratamiento de la humedad durante la hibernaci\u00f3n<\/b><\/h1>\n<\/div><\/div><div class=\"wpb_text_column us_custom_6df4bc3a has_text_color\"><div class=\"wpb_wrapper\"><p><span style=\"font-weight: 400;\">La hibernaci\u00f3n de caravanas, viviendas m\u00f3viles, autocaravanas y barcos requiere una atenci\u00f3n especial para evitar las molestias relacionadas con la humedad. La condensaci\u00f3n y el moho pueden causar da\u00f1os irreversibles en equipamientos, materiales textiles y estructuras. En Sodepac, ofrecemos soluciones adaptadas a las necesidades de profesionales y particulares gracias a nuestros absorbentes de las marcas SEKO y SekoDry<\/span><span style=\"font-weight: 400;\">\u00ae<\/span><span style=\"font-weight: 400;\">, dise\u00f1ados para una hibernaci\u00f3n \u00f3ptima.<\/span><\/p>\n<\/div><\/div><div class=\"w-btn-wrapper align_none\"><a class=\"w-btn us-btn-style_3 icon_atleft\" href=\"#produits\"><i class=\"fas fa-eye\"><\/i><span class=\"w-btn-label\">Ver los productos<\/span><\/a><\/div><\/div><\/div><\/div><\/div><\/div><\/section><section class=\"l-section wpb_row us_custom_6214d554 height_medium\"><div class=\"l-section-h i-cf\"><div class=\"g-cols vc_row via_grid cols_1 laptops-cols_inherit tablets-cols_inherit mobiles-cols_1 valign_top type_default stacking_default\"><div class=\"wpb_column vc_column_container\"><div class=\"vc_column-inner\"><div class=\"wpb_text_column us_custom_6b37c33f has_text_color\"><div class=\"wpb_wrapper\"><h2><b>Sodepac: un experto franc\u00e9s al servicio de la protecci\u00f3n contra la humedad<\/b><\/h2>\n<p><span style=\"font-weight: 400;\">Sodepac, empresa francesa especializada en la fabricaci\u00f3n y distribuci\u00f3n de absorbentes de humedad, es un actor reconocido en los mercados B2B y B2C. Respaldados por casi 50\u00a0a\u00f1os de experiencia, acompa\u00f1amos a nuestros clientes con soluciones eficaces e innovadoras que garantizan un control eficaz de la humedad en diversos entornos.<\/span><\/p>\n<p><span style=\"font-weight: 400;\">Nuestros productos se dise\u00f1an en Francia, cumplen con los requisitos de calidad y durabilidad, e incorporan un enfoque ecol\u00f3gico gracias a una selecci\u00f3n de materiales y una optimizaci\u00f3n de los procesos. Nuestra gama SEKO es una referencia en el campo del tratamiento de la humedad, especialmente en per\u00edodos de hibernaci\u00f3n, por lo que responde a las necesidades de los propietarios de caravanas, viviendas m\u00f3viles, barcos y autocaravanas, as\u00ed como de los gestores de campings y casas rurales.\u00a0<\/span><\/p>\n<\/div><\/div><div class=\"w-separator size_medium\"><\/div><div class=\"wpb_text_column us_custom_17026312 has_text_color\"><div class=\"wpb_wrapper\"><h2>Nuestros productos<\/h2>\n<\/div><\/div><div class=\"w-grid us_grid type_grid layout_631 cols_4 preload_style_spinner\" id=\"produits\" style=\"--columns:4;--gap:1.5rem;\" data-filterable=\"true\"><style>@media (max-width:1380px){#produits{--columns:3!important}}@media (max-width:1024px){#produits{--columns:2!important}}@media (max-width:600px){#produits{--columns:2!important}}@media (max-width:600px){#produits{--gap:12px!important}}.layout_631 .w-grid-item-h{}.layout_631 .usg_post_image_1{transition-duration:0.3s;transform-origin:50% 50%;transform:scale(1) translate(0%,0%)}.layout_631 .w-grid-item-h:focus-within .usg_post_image_1,.layout_631 .w-grid-item-h:hover .usg_post_image_1{transform:scale(1) translate(0%,0%);opacity:0.85}.layout_631 .usg_post_image_1{margin-bottom:0.5rem!important;border-radius:20px!important;position:static!important}.layout_631 .usg_post_title_1{font-size:1rem!important;position:static!important}<\/style><div class=\"w-grid-list\">\t<article class=\"w-grid-item size_1x1 post-2356 produits type-produits status-publish has-post-thumbnail hentry categorie-produit-hivernage categorie-produit-protection-et-entretien-de-lhabitat\" data-id=\"2356\">\r\n\t\t<div class=\"w-grid-item-h\">\r\n\t\t\t\t\t\t<div class=\"w-post-elm post_image usg_post_image_1 stretched\"><a href=\"https:\/\/www.sodepac.com\/es\/produits\/absorbente-de-humedad-mediano-bali-seko\/\" aria-label=\"Absorbente de humedad mediano Bali SEKO\"><img loading=\"lazy\" decoding=\"async\" width=\"800\" height=\"800\" src=\"https:\/\/www.sodepac.com\/wp-content\/uploads\/Absorbeur-dhumidite-bali-800x800.jpg\" class=\"attachment-us_800_800_crop size-us_800_800_crop wp-post-image\" alt=\"Absorbeur d&#039;humidite\u0301 bali\" srcset=\"https:\/\/www.sodepac.com\/wp-content\/uploads\/Absorbeur-dhumidite-bali-800x800.jpg 800w, https:\/\/www.sodepac.com\/wp-content\/uploads\/Absorbeur-dhumidite-bali-300x300.jpg 300w, https:\/\/www.sodepac.com\/wp-content\/uploads\/Absorbeur-dhumidite-bali-1024x1024.jpg 1024w, https:\/\/www.sodepac.com\/wp-content\/uploads\/Absorbeur-dhumidite-bali-150x150.jpg 150w, https:\/\/www.sodepac.com\/wp-content\/uploads\/Absorbeur-dhumidite-bali.jpg 1400w\" sizes=\"auto, (max-width: 800px) 100vw, 800px\" \/><\/a><\/div><h2 class=\"w-post-elm post_title usg_post_title_1 entry-title color_link_inherit\"><a href=\"https:\/\/www.sodepac.com\/es\/produits\/absorbente-de-humedad-mediano-bali-seko\/\">Absorbente de humedad mediano Bali SEKO<\/a><\/h2>\t\t<\/div>\r\n\t\t\t<\/article>\r\n\t<article class=\"w-grid-item size_1x1 post-2921 produits type-produits status-publish has-post-thumbnail hentry categorie-produit-hivernage categorie-produit-protection-et-entretien-de-lhabitat\" data-id=\"2921\">\r\n\t\t<div class=\"w-grid-item-h\">\r\n\t\t\t\t\t\t<div class=\"w-post-elm post_image usg_post_image_1 stretched\"><a href=\"https:\/\/www.sodepac.com\/es\/produits\/recarga-de-pastillas-5-x-450-g-neutro-y-flor-de-bali-seko\/\" aria-label=\"Recarga de pastillas 5\u00a0x\u00a0450\u00a0g neutro y flor de Bali SEKO\"><img loading=\"lazy\" decoding=\"async\" width=\"800\" height=\"800\" src=\"https:\/\/www.sodepac.com\/wp-content\/uploads\/Recharge-galets-5x450g-800x800.jpg\" class=\"attachment-us_800_800_crop size-us_800_800_crop wp-post-image\" alt=\"Recharge galets 5x450g neutre et fleur de bali\" srcset=\"https:\/\/www.sodepac.com\/wp-content\/uploads\/Recharge-galets-5x450g-800x800.jpg 800w, https:\/\/www.sodepac.com\/wp-content\/uploads\/Recharge-galets-5x450g-300x300.jpg 300w, https:\/\/www.sodepac.com\/wp-content\/uploads\/Recharge-galets-5x450g-1024x1024.jpg 1024w, https:\/\/www.sodepac.com\/wp-content\/uploads\/Recharge-galets-5x450g-150x150.jpg 150w, https:\/\/www.sodepac.com\/wp-content\/uploads\/Recharge-galets-5x450g.jpg 1400w\" sizes=\"auto, (max-width: 800px) 100vw, 800px\" \/><\/a><\/div><h2 class=\"w-post-elm post_title usg_post_title_1 entry-title color_link_inherit\"><a href=\"https:\/\/www.sodepac.com\/es\/produits\/recarga-de-pastillas-5-x-450-g-neutro-y-flor-de-bali-seko\/\">Recarga de pastillas 5\u00a0x\u00a0450\u00a0g neutro y flor de Bali SEKO<\/a><\/h2>\t\t<\/div>\r\n\t\t\t<\/article>\r\n\t<article class=\"w-grid-item size_1x1 post-2369 produits type-produits status-publish has-post-thumbnail hentry categorie-produit-hivernage categorie-produit-protection-et-entretien-de-lhabitat\" data-id=\"2369\">\r\n\t\t<div class=\"w-grid-item-h\">\r\n\t\t\t\t\t\t<div class=\"w-post-elm post_image usg_post_image_1 stretched\"><a href=\"https:\/\/www.sodepac.com\/es\/produits\/absorbente-de-humedad-mini-bali-seko\/\" aria-label=\"Absorbente de humedad Mini Bali SEKO\"><img loading=\"lazy\" decoding=\"async\" width=\"800\" height=\"800\" src=\"https:\/\/www.sodepac.com\/wp-content\/uploads\/Absorbeur-dhumidite-mini-bali-800x800.jpg\" class=\"attachment-us_800_800_crop size-us_800_800_crop wp-post-image\" alt=\"Absorbeur d&#039;humidite\u0301 mini bali\" srcset=\"https:\/\/www.sodepac.com\/wp-content\/uploads\/Absorbeur-dhumidite-mini-bali-800x800.jpg 800w, https:\/\/www.sodepac.com\/wp-content\/uploads\/Absorbeur-dhumidite-mini-bali-300x300.jpg 300w, https:\/\/www.sodepac.com\/wp-content\/uploads\/Absorbeur-dhumidite-mini-bali-1024x1024.jpg 1024w, https:\/\/www.sodepac.com\/wp-content\/uploads\/Absorbeur-dhumidite-mini-bali-150x150.jpg 150w, https:\/\/www.sodepac.com\/wp-content\/uploads\/Absorbeur-dhumidite-mini-bali.jpg 1400w\" sizes=\"auto, (max-width: 800px) 100vw, 800px\" \/><\/a><\/div><h2 class=\"w-post-elm post_title usg_post_title_1 entry-title color_link_inherit\"><a href=\"https:\/\/www.sodepac.com\/es\/produits\/absorbente-de-humedad-mini-bali-seko\/\">Absorbente de humedad Mini Bali SEKO<\/a><\/h2>\t\t<\/div>\r\n\t\t\t<\/article>\r\n\t<article class=\"w-grid-item size_1x1 post-2923 produits type-produits status-publish has-post-thumbnail hentry categorie-produit-hivernage categorie-produit-protection-et-entretien-de-lhabitat\" data-id=\"2923\">\r\n\t\t<div class=\"w-grid-item-h\">\r\n\t\t\t\t\t\t<div class=\"w-post-elm post_image usg_post_image_1 stretched\"><a href=\"https:\/\/www.sodepac.com\/es\/produits\/recarga-de-pastillas-8-x-100-g-neutro-y-suavidad-de-algodon-seko\/\" aria-label=\"Recarga de pastillas 8\u00a0x\u00a0100\u00a0g neutro y suavidad de algod\u00f3n SEKO\"><img loading=\"lazy\" decoding=\"async\" width=\"800\" height=\"800\" src=\"https:\/\/www.sodepac.com\/wp-content\/uploads\/Recharge-1kg-800x800.jpg\" class=\"attachment-us_800_800_crop size-us_800_800_crop wp-post-image\" alt=\"Recharge sachet 1kg\" srcset=\"https:\/\/www.sodepac.com\/wp-content\/uploads\/Recharge-1kg-800x800.jpg 800w, https:\/\/www.sodepac.com\/wp-content\/uploads\/Recharge-1kg-300x300.jpg 300w, https:\/\/www.sodepac.com\/wp-content\/uploads\/Recharge-1kg-1024x1024.jpg 1024w, https:\/\/www.sodepac.com\/wp-content\/uploads\/Recharge-1kg-150x150.jpg 150w, https:\/\/www.sodepac.com\/wp-content\/uploads\/Recharge-1kg.jpg 1400w\" sizes=\"auto, (max-width: 800px) 100vw, 800px\" \/><\/a><\/div><h2 class=\"w-post-elm post_title usg_post_title_1 entry-title color_link_inherit\"><a href=\"https:\/\/www.sodepac.com\/es\/produits\/recarga-de-pastillas-8-x-100-g-neutro-y-suavidad-de-algodon-seko\/\">Recarga de pastillas 8\u00a0x\u00a0100\u00a0g neutro y suavidad de algod\u00f3n SEKO<\/a><\/h2>\t\t<\/div>\r\n\t\t\t<\/article>\r\n\t<article class=\"w-grid-item size_1x1 post-2925 produits type-produits status-publish has-post-thumbnail hentry categorie-produit-hivernage categorie-produit-protection-et-entretien-de-lhabitat\" data-id=\"2925\">\r\n\t\t<div class=\"w-grid-item-h\">\r\n\t\t\t\t\t\t<div class=\"w-post-elm post_image usg_post_image_1 stretched\"><a href=\"https:\/\/www.sodepac.com\/es\/produits\/recarga-de-bolsa-1-kg-seko\/\" aria-label=\"Recarga de bolsa 1\u00a0kg SEKO\"><img loading=\"lazy\" decoding=\"async\" width=\"800\" height=\"800\" src=\"https:\/\/www.sodepac.com\/wp-content\/uploads\/Recharge-1kg-800x800.jpg\" class=\"attachment-us_800_800_crop size-us_800_800_crop wp-post-image\" alt=\"Recharge sachet 1kg\" srcset=\"https:\/\/www.sodepac.com\/wp-content\/uploads\/Recharge-1kg-800x800.jpg 800w, https:\/\/www.sodepac.com\/wp-content\/uploads\/Recharge-1kg-300x300.jpg 300w, https:\/\/www.sodepac.com\/wp-content\/uploads\/Recharge-1kg-1024x1024.jpg 1024w, https:\/\/www.sodepac.com\/wp-content\/uploads\/Recharge-1kg-150x150.jpg 150w, https:\/\/www.sodepac.com\/wp-content\/uploads\/Recharge-1kg.jpg 1400w\" sizes=\"auto, (max-width: 800px) 100vw, 800px\" \/><\/a><\/div><h2 class=\"w-post-elm post_title usg_post_title_1 entry-title color_link_inherit\"><a href=\"https:\/\/www.sodepac.com\/es\/produits\/recarga-de-bolsa-1-kg-seko\/\">Recarga de bolsa 1\u00a0kg SEKO<\/a><\/h2>\t\t<\/div>\r\n\t\t\t<\/article>\r\n\t<article class=\"w-grid-item size_1x1 post-2350 produits type-produits status-publish has-post-thumbnail hentry categorie-produit-hivernage categorie-produit-protection-et-entretien-de-lhabitat\" data-id=\"2350\">\r\n\t\t<div class=\"w-grid-item-h\">\r\n\t\t\t\t\t\t<div class=\"w-post-elm post_image usg_post_image_1 stretched\"><a href=\"https:\/\/www.sodepac.com\/es\/produits\/absorbente-de-humedad-jungle-xlseko\/\" aria-label=\"Absorbente de humedad jungle XLSEKO\"><img loading=\"lazy\" decoding=\"async\" width=\"800\" height=\"800\" src=\"https:\/\/www.sodepac.com\/wp-content\/uploads\/Absorbeur-dhumidite-jungle-XL-800x800.png\" class=\"attachment-us_800_800_crop size-us_800_800_crop wp-post-image\" alt=\"Absorbeur d&#039;humidite\u0301 jungle XL\" srcset=\"https:\/\/www.sodepac.com\/wp-content\/uploads\/Absorbeur-dhumidite-jungle-XL-800x800.png 800w, https:\/\/www.sodepac.com\/wp-content\/uploads\/Absorbeur-dhumidite-jungle-XL-300x300.png 300w, https:\/\/www.sodepac.com\/wp-content\/uploads\/Absorbeur-dhumidite-jungle-XL-1024x1024.png 1024w, https:\/\/www.sodepac.com\/wp-content\/uploads\/Absorbeur-dhumidite-jungle-XL-150x150.png 150w, https:\/\/www.sodepac.com\/wp-content\/uploads\/Absorbeur-dhumidite-jungle-XL.png 1400w\" sizes=\"auto, (max-width: 800px) 100vw, 800px\" \/><\/a><\/div><h2 class=\"w-post-elm post_title usg_post_title_1 entry-title color_link_inherit\"><a href=\"https:\/\/www.sodepac.com\/es\/produits\/absorbente-de-humedad-jungle-xlseko\/\">Absorbente de humedad jungle XLSEKO<\/a><\/h2>\t\t<\/div>\r\n\t\t\t<\/article>\r\n\t<article class=\"w-grid-item size_1x1 post-2917 produits type-produits status-publish has-post-thumbnail hentry categorie-produit-hivernage categorie-produit-protection-et-entretien-de-lhabitat\" data-id=\"2917\">\r\n\t\t<div class=\"w-grid-item-h\">\r\n\t\t\t\t\t\t<div class=\"w-post-elm post_image usg_post_image_1 stretched\"><a href=\"https:\/\/www.sodepac.com\/es\/produits\/recarga-de-pastilla-perforada-500g-seko\/\" aria-label=\"Recarga de pastilla perforada 500g SEKO\"><img loading=\"lazy\" decoding=\"async\" width=\"800\" height=\"800\" src=\"https:\/\/www.sodepac.com\/wp-content\/uploads\/recharge-galet-perce-500g-800x800.jpg\" class=\"attachment-us_800_800_crop size-us_800_800_crop wp-post-image\" alt=\"recharge galet perce\u0301 500g\" srcset=\"https:\/\/www.sodepac.com\/wp-content\/uploads\/recharge-galet-perce-500g-800x800.jpg 800w, https:\/\/www.sodepac.com\/wp-content\/uploads\/recharge-galet-perce-500g-300x300.jpg 300w, https:\/\/www.sodepac.com\/wp-content\/uploads\/recharge-galet-perce-500g-1024x1024.jpg 1024w, https:\/\/www.sodepac.com\/wp-content\/uploads\/recharge-galet-perce-500g-150x150.jpg 150w, https:\/\/www.sodepac.com\/wp-content\/uploads\/recharge-galet-perce-500g.jpg 1400w\" sizes=\"auto, (max-width: 800px) 100vw, 800px\" \/><\/a><\/div><h2 class=\"w-post-elm post_title usg_post_title_1 entry-title color_link_inherit\"><a href=\"https:\/\/www.sodepac.com\/es\/produits\/recarga-de-pastilla-perforada-500g-seko\/\">Recarga de pastilla perforada 500g SEKO<\/a><\/h2>\t\t<\/div>\r\n\t\t\t<\/article>\r\n\t<article class=\"w-grid-item size_1x1 post-2915 produits type-produits status-publish has-post-thumbnail hentry categorie-produit-hivernage categorie-produit-protection-et-entretien-de-lhabitat\" data-id=\"2915\">\r\n\t\t<div class=\"w-grid-item-h\">\r\n\t\t\t\t\t\t<div class=\"w-post-elm post_image usg_post_image_1 stretched\"><a href=\"https:\/\/www.sodepac.com\/es\/produits\/recarga-de-pastilla-perforada-4x500g-seko\/\" aria-label=\"Recarga de pastilla perforada 4x500g SEKO\"><img loading=\"lazy\" decoding=\"async\" width=\"800\" height=\"800\" src=\"https:\/\/www.sodepac.com\/wp-content\/uploads\/4-recharges-galet-perce-500g-800x800.jpg\" class=\"attachment-us_800_800_crop size-us_800_800_crop wp-post-image\" alt=\"4 recharges galet perce\u0301 500g\" srcset=\"https:\/\/www.sodepac.com\/wp-content\/uploads\/4-recharges-galet-perce-500g-800x800.jpg 800w, https:\/\/www.sodepac.com\/wp-content\/uploads\/4-recharges-galet-perce-500g-300x300.jpg 300w, https:\/\/www.sodepac.com\/wp-content\/uploads\/4-recharges-galet-perce-500g-1024x1024.jpg 1024w, https:\/\/www.sodepac.com\/wp-content\/uploads\/4-recharges-galet-perce-500g-150x150.jpg 150w, https:\/\/www.sodepac.com\/wp-content\/uploads\/4-recharges-galet-perce-500g.jpg 1400w\" sizes=\"auto, (max-width: 800px) 100vw, 800px\" \/><\/a><\/div><h2 class=\"w-post-elm post_title usg_post_title_1 entry-title color_link_inherit\"><a href=\"https:\/\/www.sodepac.com\/es\/produits\/recarga-de-pastilla-perforada-4x500g-seko\/\">Recarga de pastilla perforada 4x500g SEKO<\/a><\/h2>\t\t<\/div>\r\n\t\t\t<\/article>\r\n\t<article class=\"w-grid-item size_1x1 post-2919 produits type-produits status-publish has-post-thumbnail hentry categorie-produit-hivernage categorie-produit-protection-et-entretien-de-lhabitat\" data-id=\"2919\">\r\n\t\t<div class=\"w-grid-item-h\">\r\n\t\t\t\t\t\t<div class=\"w-post-elm post_image usg_post_image_1 stretched\"><a href=\"https:\/\/www.sodepac.com\/es\/produits\/recarga-de-pastilla-perforada-6x500g-seko\/\" aria-label=\"Recarga de pastilla perforada 6x500g SEKO\"><img loading=\"lazy\" decoding=\"async\" width=\"800\" height=\"800\" src=\"https:\/\/www.sodepac.com\/wp-content\/uploads\/6-recharges-galet-perce-500g-800x800.jpg\" class=\"attachment-us_800_800_crop size-us_800_800_crop wp-post-image\" alt=\"6 recharges galet perce\u0301 500g\" srcset=\"https:\/\/www.sodepac.com\/wp-content\/uploads\/6-recharges-galet-perce-500g-800x800.jpg 800w, https:\/\/www.sodepac.com\/wp-content\/uploads\/6-recharges-galet-perce-500g-300x300.jpg 300w, https:\/\/www.sodepac.com\/wp-content\/uploads\/6-recharges-galet-perce-500g-1024x1024.jpg 1024w, https:\/\/www.sodepac.com\/wp-content\/uploads\/6-recharges-galet-perce-500g-150x150.jpg 150w, https:\/\/www.sodepac.com\/wp-content\/uploads\/6-recharges-galet-perce-500g.jpg 1400w\" sizes=\"auto, (max-width: 800px) 100vw, 800px\" \/><\/a><\/div><h2 class=\"w-post-elm post_title usg_post_title_1 entry-title color_link_inherit\"><a href=\"https:\/\/www.sodepac.com\/es\/produits\/recarga-de-pastilla-perforada-6x500g-seko\/\">Recarga de pastilla perforada 6x500g SEKO<\/a><\/h2>\t\t<\/div>\r\n\t\t\t<\/article>\r\n\t<article class=\"w-grid-item size_1x1 post-2913 produits type-produits status-publish has-post-thumbnail hentry categorie-produit-hivernage categorie-produit-protection-et-entretien-de-lhabitat\" data-id=\"2913\">\r\n\t\t<div class=\"w-grid-item-h\">\r\n\t\t\t\t\t\t<div class=\"w-post-elm post_image usg_post_image_1 stretched\"><a href=\"https:\/\/www.sodepac.com\/es\/produits\/recarga-para-absorbente-de-humedad-100-g-pastilla-seko\/\" aria-label=\"Recarga para absorbente de humedad 100\u00a0g pastilla SEKO\"><img loading=\"lazy\" decoding=\"async\" width=\"800\" height=\"800\" src=\"https:\/\/www.sodepac.com\/wp-content\/uploads\/recharge-absorbeur-humidite-100g-seko-800x800.jpg\" class=\"attachment-us_800_800_crop size-us_800_800_crop wp-post-image\" alt=\"\" srcset=\"https:\/\/www.sodepac.com\/wp-content\/uploads\/recharge-absorbeur-humidite-100g-seko-800x800.jpg 800w, https:\/\/www.sodepac.com\/wp-content\/uploads\/recharge-absorbeur-humidite-100g-seko-300x300.jpg 300w, https:\/\/www.sodepac.com\/wp-content\/uploads\/recharge-absorbeur-humidite-100g-seko-1024x1024.jpg 1024w, https:\/\/www.sodepac.com\/wp-content\/uploads\/recharge-absorbeur-humidite-100g-seko-150x150.jpg 150w, https:\/\/www.sodepac.com\/wp-content\/uploads\/recharge-absorbeur-humidite-100g-seko.jpg 1400w\" sizes=\"auto, (max-width: 800px) 100vw, 800px\" \/><\/a><\/div><h2 class=\"w-post-elm post_title usg_post_title_1 entry-title color_link_inherit\"><a href=\"https:\/\/www.sodepac.com\/es\/produits\/recarga-para-absorbente-de-humedad-100-g-pastilla-seko\/\">Recarga para absorbente de humedad 100\u00a0g pastilla SEKO<\/a><\/h2>\t\t<\/div>\r\n\t\t\t<\/article>\r\n\t<article class=\"w-grid-item size_1x1 post-2398 produits type-produits status-publish has-post-thumbnail hentry categorie-produit-hivernage categorie-produit-protection-et-entretien-de-lhabitat\" data-id=\"2398\">\r\n\t\t<div class=\"w-grid-item-h\">\r\n\t\t\t\t\t\t<div class=\"w-post-elm post_image usg_post_image_1 stretched\"><a href=\"https:\/\/www.sodepac.com\/es\/produits\/lote-de-5-recargas-de-450-g-neutro-sekofirst\/\" aria-label=\"Lote de 5\u00a0recargas de 450\u00a0g neutro SekoFirst\"><img loading=\"lazy\" decoding=\"async\" width=\"800\" height=\"800\" src=\"https:\/\/www.sodepac.com\/wp-content\/uploads\/lot-recharge-5x450g-800x800.png\" class=\"attachment-us_800_800_crop size-us_800_800_crop wp-post-image\" alt=\"lot de 5 recharges 450g neutre\" srcset=\"https:\/\/www.sodepac.com\/wp-content\/uploads\/lot-recharge-5x450g-800x800.png 800w, https:\/\/www.sodepac.com\/wp-content\/uploads\/lot-recharge-5x450g-300x300.png 300w, https:\/\/www.sodepac.com\/wp-content\/uploads\/lot-recharge-5x450g-1024x1024.png 1024w, https:\/\/www.sodepac.com\/wp-content\/uploads\/lot-recharge-5x450g-150x150.png 150w, https:\/\/www.sodepac.com\/wp-content\/uploads\/lot-recharge-5x450g.png 1400w\" sizes=\"auto, (max-width: 800px) 100vw, 800px\" \/><\/a><\/div><h2 class=\"w-post-elm post_title usg_post_title_1 entry-title color_link_inherit\"><a href=\"https:\/\/www.sodepac.com\/es\/produits\/lote-de-5-recargas-de-450-g-neutro-sekofirst\/\">Lote de 5\u00a0recargas de 450\u00a0g neutro SekoFirst<\/a><\/h2>\t\t<\/div>\r\n\t\t\t<\/article>\r\n\t<article class=\"w-grid-item size_1x1 post-2400 produits type-produits status-publish has-post-thumbnail hentry categorie-produit-hivernage categorie-produit-protection-et-entretien-de-lhabitat\" data-id=\"2400\">\r\n\t\t<div class=\"w-grid-item-h\">\r\n\t\t\t\t\t\t<div class=\"w-post-elm post_image usg_post_image_1 stretched\"><a href=\"https:\/\/www.sodepac.com\/es\/produits\/lote-de-5-recargas-de-800-g-neutro-sekofirst\/\" aria-label=\"Lote de 5\u00a0recargas de 800\u00a0g neutro SekoFirst\"><img loading=\"lazy\" decoding=\"async\" width=\"800\" height=\"800\" src=\"https:\/\/www.sodepac.com\/wp-content\/uploads\/lot-recharge-5x800g-800x800.png\" class=\"attachment-us_800_800_crop size-us_800_800_crop wp-post-image\" alt=\"lot de 5 recharges 800g neutre\" srcset=\"https:\/\/www.sodepac.com\/wp-content\/uploads\/lot-recharge-5x800g-800x800.png 800w, https:\/\/www.sodepac.com\/wp-content\/uploads\/lot-recharge-5x800g-300x300.png 300w, https:\/\/www.sodepac.com\/wp-content\/uploads\/lot-recharge-5x800g-1024x1024.png 1024w, https:\/\/www.sodepac.com\/wp-content\/uploads\/lot-recharge-5x800g-150x150.png 150w, https:\/\/www.sodepac.com\/wp-content\/uploads\/lot-recharge-5x800g.png 1400w\" sizes=\"auto, (max-width: 800px) 100vw, 800px\" \/><\/a><\/div><h2 class=\"w-post-elm post_title usg_post_title_1 entry-title color_link_inherit\"><a href=\"https:\/\/www.sodepac.com\/es\/produits\/lote-de-5-recargas-de-800-g-neutro-sekofirst\/\">Lote de 5\u00a0recargas de 800\u00a0g neutro SekoFirst<\/a><\/h2>\t\t<\/div>\r\n\t\t\t<\/article>\r\n\t<article class=\"w-grid-item size_1x1 post-2352 produits type-produits status-publish has-post-thumbnail hentry categorie-produit-hivernage categorie-produit-protection-et-entretien-de-lhabitat\" data-id=\"2352\">\r\n\t\t<div class=\"w-grid-item-h\">\r\n\t\t\t\t\t\t<div class=\"w-post-elm post_image usg_post_image_1 stretched\"><a href=\"https:\/\/www.sodepac.com\/es\/produits\/absorbente-de-humedad-grande-800-g-seko-first\/\" aria-label=\"Absorbente de humedad grande 800\u00a0g SEKO FIRST\"><img loading=\"lazy\" decoding=\"async\" width=\"800\" height=\"800\" src=\"https:\/\/www.sodepac.com\/wp-content\/uploads\/Absorbeur-large-800g-SEKO-FIRST-800x800.jpg\" class=\"attachment-us_800_800_crop size-us_800_800_crop wp-post-image\" alt=\"Absorbeur humidit\u00e9 large 800g SEKO FIRST face\" srcset=\"https:\/\/www.sodepac.com\/wp-content\/uploads\/Absorbeur-large-800g-SEKO-FIRST-800x800.jpg 800w, https:\/\/www.sodepac.com\/wp-content\/uploads\/Absorbeur-large-800g-SEKO-FIRST-300x300.jpg 300w, https:\/\/www.sodepac.com\/wp-content\/uploads\/Absorbeur-large-800g-SEKO-FIRST-1024x1024.jpg 1024w, https:\/\/www.sodepac.com\/wp-content\/uploads\/Absorbeur-large-800g-SEKO-FIRST-150x150.jpg 150w, https:\/\/www.sodepac.com\/wp-content\/uploads\/Absorbeur-large-800g-SEKO-FIRST.jpg 1400w\" sizes=\"auto, (max-width: 800px) 100vw, 800px\" \/><\/a><\/div><h2 class=\"w-post-elm post_title usg_post_title_1 entry-title color_link_inherit\"><a href=\"https:\/\/www.sodepac.com\/es\/produits\/absorbente-de-humedad-grande-800-g-seko-first\/\">Absorbente de humedad grande 800\u00a0g SEKO FIRST<\/a><\/h2>\t\t<\/div>\r\n\t\t\t<\/article>\r\n\t<article class=\"w-grid-item size_1x1 post-2929 produits type-produits status-publish has-post-thumbnail hentry categorie-produit-hivernage categorie-produit-protection-et-entretien-de-lhabitat\" data-id=\"2929\">\r\n\t\t<div class=\"w-grid-item-h\">\r\n\t\t\t\t\t\t<div class=\"w-post-elm post_image usg_post_image_1 stretched\"><a href=\"https:\/\/www.sodepac.com\/es\/produits\/recarga-universal-para-absorbente-de-humedad-800-g-seko-first\/\" aria-label=\"Recarga universal para absorbente de humedad 800 g SEKO FIRST\"><img loading=\"lazy\" decoding=\"async\" width=\"800\" height=\"800\" src=\"https:\/\/www.sodepac.com\/wp-content\/uploads\/recharge-universelle-absorbeur-dhumidite-800g-SEKO-FIRST-800x800.png\" class=\"attachment-us_800_800_crop size-us_800_800_crop wp-post-image\" alt=\"recharge universelle absorbeur d&#039;humidite\u0301 800g SEKO FIRST\" srcset=\"https:\/\/www.sodepac.com\/wp-content\/uploads\/recharge-universelle-absorbeur-dhumidite-800g-SEKO-FIRST-800x800.png 800w, https:\/\/www.sodepac.com\/wp-content\/uploads\/recharge-universelle-absorbeur-dhumidite-800g-SEKO-FIRST-300x300.png 300w, https:\/\/www.sodepac.com\/wp-content\/uploads\/recharge-universelle-absorbeur-dhumidite-800g-SEKO-FIRST-1024x1024.png 1024w, https:\/\/www.sodepac.com\/wp-content\/uploads\/recharge-universelle-absorbeur-dhumidite-800g-SEKO-FIRST-150x150.png 150w, https:\/\/www.sodepac.com\/wp-content\/uploads\/recharge-universelle-absorbeur-dhumidite-800g-SEKO-FIRST.png 1400w\" sizes=\"auto, (max-width: 800px) 100vw, 800px\" \/><\/a><\/div><h2 class=\"w-post-elm post_title usg_post_title_1 entry-title color_link_inherit\"><a href=\"https:\/\/www.sodepac.com\/es\/produits\/recarga-universal-para-absorbente-de-humedad-800-g-seko-first\/\">Recarga universal para absorbente de humedad 800 g SEKO FIRST<\/a><\/h2>\t\t<\/div>\r\n\t\t\t<\/article>\r\n\t<article class=\"w-grid-item size_1x1 post-2354 produits type-produits status-publish has-post-thumbnail hentry categorie-produit-hivernage categorie-produit-protection-et-entretien-de-lhabitat\" data-id=\"2354\">\r\n\t\t<div class=\"w-grid-item-h\">\r\n\t\t\t\t\t\t<div class=\"w-post-elm post_image usg_post_image_1 stretched\"><a href=\"https:\/\/www.sodepac.com\/es\/produits\/absorbente-de-humedad-mediano-450-g-seko-first\/\" aria-label=\"Absorbente de humedad mediano 450\u00a0g SEKO FIRST\"><img loading=\"lazy\" decoding=\"async\" width=\"800\" height=\"800\" src=\"https:\/\/www.sodepac.com\/wp-content\/uploads\/Absorbeur-medium-450g-SEKO-FIRST-800x800.jpg\" class=\"attachment-us_800_800_crop size-us_800_800_crop wp-post-image\" alt=\"Absorbeur d&#039;humidit\u00e9 450g SEKO FIRST\" srcset=\"https:\/\/www.sodepac.com\/wp-content\/uploads\/Absorbeur-medium-450g-SEKO-FIRST-800x800.jpg 800w, https:\/\/www.sodepac.com\/wp-content\/uploads\/Absorbeur-medium-450g-SEKO-FIRST-300x300.jpg 300w, https:\/\/www.sodepac.com\/wp-content\/uploads\/Absorbeur-medium-450g-SEKO-FIRST-1024x1024.jpg 1024w, https:\/\/www.sodepac.com\/wp-content\/uploads\/Absorbeur-medium-450g-SEKO-FIRST-150x150.jpg 150w, https:\/\/www.sodepac.com\/wp-content\/uploads\/Absorbeur-medium-450g-SEKO-FIRST.jpg 1400w\" sizes=\"auto, (max-width: 800px) 100vw, 800px\" \/><\/a><\/div><h2 class=\"w-post-elm post_title usg_post_title_1 entry-title color_link_inherit\"><a href=\"https:\/\/www.sodepac.com\/es\/produits\/absorbente-de-humedad-mediano-450-g-seko-first\/\">Absorbente de humedad mediano 450\u00a0g SEKO FIRST<\/a><\/h2>\t\t<\/div>\r\n\t\t\t<\/article>\r\n\t<article class=\"w-grid-item size_1x1 post-2927 produits type-produits status-publish has-post-thumbnail hentry categorie-produit-hivernage categorie-produit-protection-et-entretien-de-lhabitat\" data-id=\"2927\">\r\n\t\t<div class=\"w-grid-item-h\">\r\n\t\t\t\t\t\t<div class=\"w-post-elm post_image usg_post_image_1 stretched\"><a href=\"https:\/\/www.sodepac.com\/es\/produits\/recarga-universal-para-absorbente-de-humedad-450-g-seko-first\/\" aria-label=\"Recarga universal para absorbente de humedad 450\u00a0g SEKO FIRST\"><img loading=\"lazy\" decoding=\"async\" width=\"800\" height=\"800\" src=\"https:\/\/www.sodepac.com\/wp-content\/uploads\/recharge-universelle-absorbeur-dhumidite-450g-SEKO-FIRST-800x800.png\" class=\"attachment-us_800_800_crop size-us_800_800_crop wp-post-image\" alt=\"recharge universelle absorbeur d&#039;humidite\u0301 450g SEKO FIRST\" srcset=\"https:\/\/www.sodepac.com\/wp-content\/uploads\/recharge-universelle-absorbeur-dhumidite-450g-SEKO-FIRST-800x800.png 800w, https:\/\/www.sodepac.com\/wp-content\/uploads\/recharge-universelle-absorbeur-dhumidite-450g-SEKO-FIRST-300x300.png 300w, https:\/\/www.sodepac.com\/wp-content\/uploads\/recharge-universelle-absorbeur-dhumidite-450g-SEKO-FIRST-1024x1024.png 1024w, https:\/\/www.sodepac.com\/wp-content\/uploads\/recharge-universelle-absorbeur-dhumidite-450g-SEKO-FIRST-150x150.png 150w, https:\/\/www.sodepac.com\/wp-content\/uploads\/recharge-universelle-absorbeur-dhumidite-450g-SEKO-FIRST.png 1400w\" sizes=\"auto, (max-width: 800px) 100vw, 800px\" \/><\/a><\/div><h2 class=\"w-post-elm post_title usg_post_title_1 entry-title color_link_inherit\"><a href=\"https:\/\/www.sodepac.com\/es\/produits\/recarga-universal-para-absorbente-de-humedad-450-g-seko-first\/\">Recarga universal para absorbente de humedad 450\u00a0g SEKO FIRST<\/a><\/h2>\t\t<\/div>\r\n\t\t\t<\/article>\r\n<\/div>\t<div class=\"w-grid-preloader\">\r\n\t\t<div class=\"g-preloader type_1\">\r\n\t\t\t<div><\/div>\r\n\t\t<\/div>\r\n\t<\/div>\r\n\t\t<div class=\"w-grid-json hidden\" onclick='return {&quot;action&quot;:&quot;us_ajax_grid&quot;,&quot;infinite_scroll&quot;:0,&quot;max_num_pages&quot;:1,&quot;pagination&quot;:&quot;none&quot;,&quot;template_vars&quot;:{&quot;columns&quot;:&quot;4&quot;,&quot;exclude_items&quot;:&quot;none&quot;,&quot;img_size&quot;:&quot;us_800_800_crop&quot;,&quot;ignore_items_size&quot;:0,&quot;items_layout&quot;:&quot;631&quot;,&quot;items_offset&quot;:&quot;1&quot;,&quot;load_animation&quot;:&quot;none&quot;,&quot;overriding_link&quot;:&quot;{\\&quot;url\\&quot;:\\&quot;\\&quot;}&quot;,&quot;post_id&quot;:0,&quot;query_args&quot;:{&quot;post_type&quot;:[&quot;produits&quot;],&quot;tax_query&quot;:[{&quot;taxonomy&quot;:&quot;categorie-produit&quot;,&quot;field&quot;:&quot;slug&quot;,&quot;terms&quot;:[&quot;hivernage&quot;]}],&quot;post_status&quot;:[&quot;publish&quot;,&quot;acf-disabled&quot;],&quot;posts_per_page&quot;:&quot;30&quot;},&quot;orderby_query_args&quot;:{&quot;orderby&quot;:{&quot;date&quot;:&quot;DESC&quot;}},&quot;type&quot;:&quot;grid&quot;,&quot;us_grid_post_type&quot;:&quot;produits&quot;,&quot;us_grid_ajax_index&quot;:1,&quot;us_grid_filter_query_string&quot;:null,&quot;us_grid_index&quot;:1,&quot;page_args&quot;:[],&quot;lang&quot;:&quot;es&quot;}}'><\/div>\r\n\t<\/div><div class=\"w-separator size_medium\"><\/div><div class=\"g-cols wpb_row us_custom_4fb9e5a3 via_grid cols_2 laptops-cols_inherit tablets-cols_inherit mobiles-cols_1 valign_top type_boxes stacking_default\" style=\"--columns-gap:0rem;\"><div class=\"wpb_column vc_column_container\"><div class=\"vc_column-inner\"><div class=\"wpb_text_column us_custom_6b37c33f has_text_color\"><div class=\"wpb_wrapper\"><h2><b>El tratamiento preventivo contra la humedad durante la hibernaci\u00f3n<\/b><\/h2>\n<\/div><\/div><div class=\"w-separator size_small with_line width_30 thick_5 style_solid color_secondary align_center\"><div class=\"w-separator-h\"><\/div><\/div><div class=\"wpb_text_column us_custom_6b37c33f has_text_color\"><div class=\"wpb_wrapper\"><p><span style=\"font-weight: 400;\">Cuando un veh\u00edculo recreativo se guarda durante el invierno, permanece cerrado durante varios meses, lo que crea un entorno propicio para la condensaci\u00f3n. Sin una protecci\u00f3n adecuada, la humedad puede provocar:<\/span><\/p>\n<ul>\n<li style=\"font-weight: 400;\" aria-level=\"1\"><span style=\"font-weight: 400;\">Aparici\u00f3n de moho y malos olores<\/span><\/li>\n<li style=\"font-weight: 400;\" aria-level=\"1\"><span style=\"font-weight: 400;\">Deterioro de los equipamientos interiores (textiles, madera, pl\u00e1sticos&#8230;)<\/span><\/li>\n<li style=\"font-weight: 400;\" aria-level=\"1\"><span style=\"font-weight: 400;\">Problemas el\u00e9ctricos debidos a la corrosi\u00f3n<\/span><\/li>\n<li style=\"font-weight: 400;\" aria-level=\"1\"><span style=\"font-weight: 400;\">P\u00e9rdida de valor del veh\u00edculo<\/span><\/li>\n<\/ul>\n<p><span style=\"font-weight: 400;\">El uso de absorbentes de humedad permite evitar estas molestias y garantizar una conservaci\u00f3n \u00f3ptima de los veh\u00edculos y su contenido.<\/span><\/p>\n<\/div><\/div><\/div><\/div><div class=\"wpb_column vc_column_container us_custom_06a1145b has_bg_color\"><div class=\"vc_column-inner\"><\/div><\/div><\/div><div class=\"w-separator size_medium\"><\/div><div class=\"g-cols wpb_row via_grid cols_2-3 laptops-cols_inherit tablets-cols_inherit mobiles-cols_1 valign_middle type_default stacking_default\" style=\"--columns-gap:3rem;\"><div class=\"wpb_column vc_column_container us_custom_6bc6c0e3\"><div class=\"vc_column-inner\"><div class=\"w-image us_custom_2e5253d5 style_circle has_ratio align_none\"><div class=\"w-image-h\"><div style=\"padding-bottom:100%\"><\/div><img decoding=\"async\" width=\"1024\" height=\"1024\" src=\"https:\/\/www.sodepac.com\/wp-content\/uploads\/Conditonnement-absorbeur-humidite-sans-rejet-deau-seko-mobile-1-1024x1024.jpg\" class=\"attachment-large size-large\" alt=\"\" loading=\"lazy\" \/><\/div><\/div><\/div><\/div><div class=\"wpb_column vc_column_container us_custom_92b5fb3e\"><div class=\"vc_column-inner\"><div class=\"wpb_text_column\"><div class=\"wpb_wrapper\"><h2><b>Soluciones SEKO para una hibernaci\u00f3n tranquila<\/b><\/h2>\n<\/div><\/div><div class=\"w-separator size_small with_line width_30 thick_5 style_solid color_secondary align_center\"><div class=\"w-separator-h\"><\/div><\/div><div class=\"wpb_text_column\"><div class=\"wpb_wrapper\"><p><span style=\"font-weight: 400;\">Bajo nuestra marca SEKO, ofrecemos absorbentes de humedad adaptados a espacios reducidos y poco ventilados, caracter\u00edsticos de las caravanas, viviendas m\u00f3viles y autocaravanas en hibernaci\u00f3n. Nuestros productos est\u00e1n dise\u00f1ados para capturar eficazmente la humedad ambiental y evitar problemas de condensaci\u00f3n.<\/span><\/p>\n<\/div><\/div><div class=\"w-tabs style_default switch_click accordion has_scrolling\" style=\"--sections-title-size:inherit\"><div class=\"w-tabs-sections titles-align_none icon_chevron cpos_right\"><div class=\"w-tabs-section\" id=\"vcf7\"><button class=\"w-tabs-section-header\" aria-controls=\"content-vcf7\" aria-expanded=\"false\"><div class=\"w-tabs-section-title\">SEKO Mobile: el absorbente de humedad ideal para la hibernaci\u00f3n<\/div><div class=\"w-tabs-section-control\"><\/div><\/button><div  class=\"w-tabs-section-content\" id=\"content-vcf7\"><div class=\"w-tabs-section-content-h i-cf\"><div class=\"wpb_text_column\"><div class=\"wpb_wrapper\"><ul>\n<li style=\"font-weight: 400;\" aria-level=\"1\"><b>Acci\u00f3n de larga duraci\u00f3n<\/b><span style=\"font-weight: 400;\">: Alta capacidad de absorci\u00f3n para una eficacia prolongada durante todo el per\u00edodo de hibernaci\u00f3n.<\/span><\/li>\n<li style=\"font-weight: 400;\" aria-level=\"1\"><b>Adaptabilidad<\/b><span style=\"font-weight: 400;\">: Al estar dise\u00f1ado para espacios reducidos, se integra f\u00e1cilmente en armarios, debajo de asientos o en maleteros.<\/span><\/li>\n<li style=\"font-weight: 400;\" aria-level=\"1\"><b>Facilidad de uso<\/b><span style=\"font-weight: 400;\">: No requiere conexi\u00f3n, basta con colocarlo en las zonas de riesgo.<\/span><\/li>\n<li style=\"font-weight: 400;\" aria-level=\"1\"><b>Seguridad y limpieza<\/b><span style=\"font-weight: 400;\">: Contiene un gel absorbente de humedad, lo que evita cualquier riesgo de derrame accidental.<\/span><\/li>\n<\/ul>\n<\/div><\/div><\/div><\/div><\/div><div class=\"w-tabs-section\" id=\"ue17\"><button class=\"w-tabs-section-header\" aria-controls=\"content-ue17\" aria-expanded=\"false\"><div class=\"w-tabs-section-title\">Sekodry\u00ae: nuestra gama de productos con soluciones ultraabsorbentes para grandes vol\u00famenes.<\/div><div class=\"w-tabs-section-control\"><\/div><\/button><div  class=\"w-tabs-section-content\" id=\"content-ue17\"><div class=\"w-tabs-section-content-h i-cf\"><div class=\"wpb_text_column\"><div class=\"wpb_wrapper\"><ul>\n<li style=\"font-weight: 400;\" aria-level=\"1\"><b>Ideal para grandes espacios<\/b><span style=\"font-weight: 400;\">: Perfecto para viviendas m\u00f3viles o caravanas de gran tama\u00f1o.<\/span><\/li>\n<li style=\"font-weight: 400;\" aria-level=\"1\"><b>Tecnolog\u00eda antihumedad reforzada<\/b><span style=\"font-weight: 400;\">: Absorci\u00f3n optimizada para grandes vol\u00famenes.<\/span><\/li>\n<li style=\"font-weight: 400;\" aria-level=\"1\"><b>F\u00e1cil de instalar<\/b><span style=\"font-weight: 400;\">: Disponible en formato colgante o de sobremesa, seg\u00fan las necesidades.<\/span><\/li>\n<\/ul>\n<\/div><\/div><\/div><\/div><\/div><\/div><\/div><\/div><\/div><\/div><div class=\"w-separator size_medium\"><\/div><div class=\"g-cols wpb_row via_grid cols_1 laptops-cols_inherit tablets-cols_inherit mobiles-cols_1 valign_top type_default stacking_default\" style=\"--columns-gap:3rem;\"><div class=\"wpb_column vc_column_container\"><div class=\"vc_column-inner\"><div class=\"wpb_text_column\"><div class=\"wpb_wrapper\"><h3><b>\u00a1Comience a preparar hoy mismo su hibernaci\u00f3n con Sodepac y SEKO para un regreso sin sorpresas desagradables!<\/b><\/h3>\n<p><span style=\"font-weight: 400;\">Al elegir Sodepac y nuestros absorbentes de humedad SEKO, se beneficiar\u00e1 de un saber hacer reconocido y de productos que garantizan una protecci\u00f3n eficaz de sus veh\u00edculos contra la humedad durante la hibernaci\u00f3n.\u00a0<\/span><\/p>\n<\/div><\/div><\/div><\/div><\/div><\/div><\/div><\/div><\/div><\/section>\n","protected":false},"excerpt":{"rendered":"Recarga de 450 g para absorbedor de humedad. Propiedades principales1\u00a0recarga protege 20\u00a0m\u00b2 hasta 6\u00a0semanas. Recarga compatible con cualquier absorbente que admita recargas de 450\u00a0g o m\u00e1s. Fabricado en Francia. Caracter\u00edsticasUso recomendado para los siguientes espacios: \u00bfLe interesa este producto? Cont\u00e1ctenosDatos detallados PerfumePerfume neutro o lavanda Elementos log\u00edsticos Se utiliza conSe utiliza con un absorbedor de...","protected":false},"author":1,"featured_media":1250,"parent":0,"menu_order":0,"comment_status":"closed","ping_status":"closed","template":"","meta":{"_acf_changed":false,"footnotes":""},"class_list":["post-2569","page","type-page","status-publish","has-post-thumbnail","hentry"],"acf":[],"_links":{"self":[{"href":"https:\/\/www.sodepac.com\/es\/wp-json\/wp\/v2\/pages\/2569","targetHints":{"allow":["GET"]}}],"collection":[{"href":"https:\/\/www.sodepac.com\/es\/wp-json\/wp\/v2\/pages"}],"about":[{"href":"https:\/\/www.sodepac.com\/es\/wp-json\/wp\/v2\/types\/page"}],"author":[{"embeddable":true,"href":"https:\/\/www.sodepac.com\/es\/wp-json\/wp\/v2\/users\/1"}],"replies":[{"embeddable":true,"href":"https:\/\/www.sodepac.com\/es\/wp-json\/wp\/v2\/comments?post=2569"}],"version-history":[{"count":3,"href":"https:\/\/www.sodepac.com\/es\/wp-json\/wp\/v2\/pages\/2569\/revisions"}],"predecessor-version":[{"id":2572,"href":"https:\/\/www.sodepac.com\/es\/wp-json\/wp\/v2\/pages\/2569\/revisions\/2572"}],"wp:featuredmedia":[{"embeddable":true,"href":"https:\/\/www.sodepac.com\/es\/wp-json\/wp\/v2\/media\/1250"}],"wp:attachment":[{"href":"https:\/\/www.sodepac.com\/es\/wp-json\/wp\/v2\/media?parent=2569"}],"curies":[{"name":"wp","href":"https:\/\/api.w.org\/{rel}","templated":true}]}}